{"id":1198,"date":"2018-04-11T11:17:49","date_gmt":"2018-04-11T09:17:49","guid":{"rendered":"https:\/\/geospatial-akademie.visual-image.de\/?page_id=1198"},"modified":"2021-06-18T16:31:20","modified_gmt":"2021-06-18T14:31:20","slug":"datenschutz","status":"publish","type":"page","link":"https:\/\/geospatial-akademie.visual-image.de\/index.php\/kontakt\/datenschutz\/","title":{"rendered":"Datenschutz"},"content":{"rendered":"<div id='layer_slider_1'  class='avia-layerslider main_color avia-shadow  avia-builder-el-0  el_before_av_one_full  avia-builder-el-first  container_wrap sidebar_right'  style='height: 151px; max-width: 1140px; margin: 0 auto;'  ><\/div><div id='after_layer_slider_1'  class='main_color av_default_container_wrap container_wrap sidebar_right'  ><div class='container av-section-cont-open' ><div class='template-page content  av-content-small alpha units'><div class='post-entry post-entry-type-page post-entry-1198'><div class='entry-content-wrapper clearfix'>\n<div  class='flex_column av-4hkfcu-471ec952f4b12a07f4d25a9c4cd5d5d9 av_one_full  avia-builder-el-1  el_after_av_layerslider  avia-builder-el-no-sibling  first flex_column_div  '     ><section  class='av_textblock_section av-37947i-27666aebf71eacc9d7ad9b107ae09218 '   itemscope=\"itemscope\" itemtype=\"https:\/\/schema.org\/CreativeWork\" ><div class='avia_textblock'  itemprop=\"text\" ><h2>DATENSCHUTZERKL\u00c4RUNG \u2013 geospatial-akademie.de<\/h2>\n<p>Die AllTerra Deutschland GmbH, An der Feldmark 16, 31515 Wunstorf (nachfolgend als \u201eAllTerra\u201c oder \u201ewir\u201c bezeichnet) betreibt die im Internet unter <a href=\"https:\/\/geospatial-akademie.de\/\">https:\/\/geospatial-akademie.de\/<\/a> und den jeweils dazu geh\u00f6renden Unterverzeichnissen abrufbare Internetseite (nachfolgend \u201egeospatial-akademie.de\u201c oder die \u201eWebsite\u201c).<\/p>\n<p>AllTerra m\u00f6chte Ihnen mit dieser Datenschutzerkl\u00e4rung erl\u00e4utern, welche Daten in welcher Form verarbeitet werden, wenn Sie unsere Website besuchen. Hiermit kommen wir zugleich unserer Informationspflicht gem. Art. 13 Datenschutz-Grundverordnung (DSGVO) Ihnen gegen\u00fcber nach.<\/p>\n<h3>I. Verantwortlicher und Kontaktm\u00f6glichkeiten des Datenschutzbeauftragten<\/h3>\n<p>Die datenschutzrechtlich Verantwortliche f\u00fcr die auf unserer Website stattfindenden Datenverarbeitungen ist die<\/p>\n<p>AllTerra Deutschland GmbH<br \/>\nAn der Feldmark 9<br \/>\n31515 Wunstorf<\/p>\n<p>E-Mail: <a href=\"mailto:info@allterra-dno.de\">info@allterra-dno.de<\/a><\/p>\n<p>Telefon: +49 (0) 50 31 \u2013 51 78 0<br \/>\nTelefax: +49 (0) 50 31 \u2013 51 78 11<\/p>\n<p>Unser Datenschutzbeauftragter ist erreichbar unter: <a href=\"mailto:privacy@trimble.com\">privacy@trimble.com<\/a><\/p>\n<h3>II. Personenbezogene Daten, Zwecke und Rechtsgrundlage der Datenverarbeitung<\/h3>\n<p><strong>1. Personenbezogene Daten<\/strong><\/p>\n<p>Nach der DSGVO sind personenbezogene Daten \u201ealle Informationen, die sich auf eine identifizierte oder identifizierbare nat\u00fcrliche Person (im Folgenden \u201ebetroffene Person\u201c) beziehen; als identifizierbar wird eine nat\u00fcrliche Person angesehen, die direkt oder indirekt, insbesondere mittels Zuordnung zu einer Kennung wie einem Namen, zu einer Kennnummer, zu Standortdaten, zu einer Online-Kennung oder zu einem oder mehreren besonderen Merkmalen identifiziert werden kann, die Ausdruck der physischen, physiologischen, genetischen, psychischen, wirtschaftlichen, kulturellen oder sozialen Identit\u00e4t dieser nat\u00fcrlichen Person sind.<\/p>\n<p><strong>a) Allgemeine Nutzung der Website<\/strong><\/p>\n<p>Wir erheben und speichern im Zuge Ihres Besuchs auf unserer Website keine personenbezogenen Daten.<\/p>\n<p>Unbeschadet der vorstehenden grunds\u00e4tzlichen Gegebenheiten registriert aber der Webserver unseres Hosters automatisch Zugriffe auf die Websites und dabei insbesondere Ihre IP-Adresse. Ihre IP-Adresse wird jedoch nicht gespeichert.<\/p>\n<p>Zudem legt unser Hoster zur Erhaltung der Systemsicherheit sog. Logfiles an. Diese Logfiles enthalten die folgenden Informationen:<\/p>\n<ul>\n<li>Datum des Zugriffs<\/li>\n<li>die URL<\/li>\n<li>Inhalte auf die zugegriffen wurde sowie<\/li>\n<li>die \u00fcbertragenen Informationen<\/li>\n<\/ul>\n<p>Diese Informationen bleiben f\u00fcr uns anonym. Ein R\u00fcckschluss auf eine Person ist somit nicht m\u00f6glich.<\/p>\n<p><strong>b) Kontaktformular<\/strong><\/p>\n<p>Wir bieten Ihnen die M\u00f6glichkeit zu uns mittels eines Formulars Kontakt aufzunehmen. Zu diesem Zweck m\u00fcssen Sie uns Ihre E-Mail-Adresse mitteilen, damit wir Ihre Anfrage beantworten k\u00f6nnen. Zudem k\u00f6nnen Sie uns Ihren Namen, einen Betreff, sowie die konkrete Nachricht mitteilen.<\/p>\n<p>Nehmen Sie unter der auf unserer Website angegebenen E-Mail-Adresse Kontakt zu uns auf, teilen Sie uns zumindest Ihre E-Mail-Adresse mit, sowie gegebenenfalls weitere Informationen, die Sie in Ihrer E-Mail preisgeben. Damit wir Ihr Anliegen bearbeiten k\u00f6nnen, m\u00fcssen wir diese Daten verarbeiten.<\/p>\n<p><strong>2. Zwecke und Rechtsgrundlage der Datenverarbeitung<\/strong><\/p>\n<p>Die Verarbeitung Ihrer IP-Adresse w\u00e4hrend des Verbindungsaufbaus erfolgt, damit wir Ihnen unsere Website zur Verf\u00fcgung stellen k\u00f6nnen. Sie basiert auf Art. 6 Abs. 1 lit. f) DSGVO. Unser berechtigtes Interesse besteht im genannten Zweck.<\/p>\n<p>Die Verarbeitung im Rahmen einer Kontaktaufnahme erfolgt, damit wir Ihre Anfrage bearbeiten und beantworten k\u00f6nnen. Die Rechtsgrundlage ist Art. 6 Abs. 1 lit. f) DSGVO. Unser berechtigtes Interesse liegt im soeben genannten Zweck.<\/p>\n<h3>III. Empf\u00e4nger der Daten<\/h3>\n<p>Innerhalb unseres Unternehmens haben jeweils die Abteilungen auf Ihre Daten Zugriff, die f\u00fcr die Bearbeitung der Anliegen zust\u00e4ndig sind. Zudem setzen wir externe Dienstleister ein, soweit wir Leistungen nicht oder nicht sinnvoll selbst vornehmen k\u00f6nnen. Diese externen Dienstleister sind dabei vor allem Anbieter von IT-Dienstleistungen und Telekommunikationsdienste.<\/p>\n<p>Eine \u00dcbermittlung in Drittstaaten findet grunds\u00e4tzlich nicht und nur dann statt, soweit sie zur Ausf\u00fchrung Ihrer Auftr\u00e4ge erforderlich ist, gesetzlich vorgeschrieben ist oder Sie uns Ihre Einwilligung hierzu erteilt haben.<\/p>\n<h3>IV. Speicherdauer<\/h3>\n<p>Unsere Logfiles werden 60 Tage gespeichert. Ihre E-Mails und Kontaktaufnahmen speichern wir so lange, wie es zur Bearbeitung Ihrer Anfrage erforderlich ist und speichern sie anschlie\u00dfend den gesetzlich vorgegebenen Zeitraum, falls Sie sich bezugnehmend auf Ihre urspr\u00fcngliche Frage noch einmal an uns wenden. Dies gilt nicht, wenn Sie in der E-Mail ein Vertragsverh\u00e4ltnis zu uns anbahnen. In diesem Fall richtet sich die Speicherdauer nach dem zugrundeliegenden Vertrag. Sie werden in diesem Fall gesondert \u00fcber die dort stattfindenden Datenverarbeitungen aufgekl\u00e4rt.<\/p>\n<h3>V. Betroffenenrechte<\/h3>\n<p>Die Datenschutz-Grundverordnung garantiert Ihnen gewisse Rechte, die Sie uns gegen\u00fcber \u2013 soweit die gesetzlichen Voraussetzungen vorliegen \u2013 geltend machen k\u00f6nnen.<\/p>\n<ul>\n<li><strong>Art. 15 DSGVO \u2013 Auskunftsrecht der betroffenen Person:<\/strong> Sie haben das Recht, von uns eine Best\u00e4tigung dar\u00fcber zu verlangen, ob Sie betreffende personenbezogene Daten verarbeitet werden und wenn ja, welche dies sind sowie die n\u00e4heren Umst\u00e4nde der Datenverarbeitung<\/li>\n<li><strong>Art. 16 DSGVO \u2013 Recht auf Berichtigung:<\/strong> Sie haben das Recht, von uns unverz\u00fcglich die Berichtigung Sie betreffender unrichtiger personenbezogener Daten zu verlangen. Dabei haben Sie unter Ber\u00fccksichtigung der Zwecke der Verarbeitung auch das Recht, die Vervollst\u00e4ndigung unvollst\u00e4ndiger personenbezogener Daten \u2013 auch mittels einer erg\u00e4nzenden Erkl\u00e4rung \u2013 zu verlangen<\/li>\n<li><strong>Art. 17 DSGVO \u2013 Recht auf L\u00f6schung:<\/strong> Sie haben das Recht, von uns zu verlangen, dass Sie betreffende personenbezogene Daten unverz\u00fcglich gel\u00f6scht werden. Beachten Sie hier bitte die unter Punkt II. 4 beschriebene Ausnahme<\/li>\n<li><strong>Art. 18 DSGVO \u2013 Recht auf Einschr\u00e4nkung der Verarbeitung:<\/strong> Sie haben das Recht, von uns die Einschr\u00e4nkung der Verarbeitung zu verlangen<\/li>\n<li><strong>Art. 20 DSGVO \u2013 Recht auf Daten\u00fcbertragbarkeit:<\/strong> Sie haben das Recht, im Falle der Verarbeitung aufgrund einer Einwilligung oder zur Erf\u00fcllung eines Vertrags, die Sie betreffenden personenbezogenen Daten, die Sie uns bereitgestellt haben, in einem strukturierten, g\u00e4ngigen und maschinenlesbaren Format zu erhalten, und diese Daten einem anderen Verantwortlichen ohne Behinderung durch uns zu \u00fcbermitteln oder die Daten direkt an den anderen Verantwortlichen \u00fcbermitteln zu lassen, soweit dies technisch machbar ist<\/li>\n<li><strong>Art. 21 DSGVO \u2013 Widerspruchsrecht:<\/strong> Sie haben das Recht, aus Gr\u00fcnden, die sich aus ihrer besonderen Situation ergeben, jederzeit gegen die Verarbeitung Sie betreffender personenbezogener Daten, die aufgrund eines berechtigten Interesses unsererseits oder zur Wahrung einer Aufgabe im \u00f6ffentlichen Interesse erforderlich ist, oder die in Aus\u00fcbung \u00f6ffentlicher Gewalt erfolgt, Widerspruch einzulegen.Legen Sie Widerspruch ein, werden wir Ihre personenbezogenen Daten nicht mehr verarbeiten, es sei denn, wir k\u00f6nnen zwingende schutzw\u00fcrdige Gr\u00fcnde f\u00fcr die Verarbeitung nachweisen, die Ihre Interessen, Rechte und Freiheiten \u00fcberwiegen, oder die Verarbeitung dient der Geltendmachung, Aus\u00fcbung oder Verteidigung von Rechtsanspr\u00fcchen.Soweit wir Ihre personenbezogenen Daten verarbeiten, um Direktwerbung zu betreiben, haben Sie das Recht, jederzeit Widerspruch gegen die Verarbeitung einzulegen. Widersprechen Sie der Verarbeitung f\u00fcr Zwecke der Direktwerbung, so werden wir Ihre personenbezogenen Daten nicht mehr f\u00fcr diese Zwecke verarbeiten.<\/li>\n<li><strong>Art. 77 DSGVO i. V. m. \u00a7 19 BDSG \u2013 Recht auf Beschwerde bei einer Aufsichtsbeh\u00f6rde:<\/strong> Sie haben das Recht, jederzeit Beschwerde bei einer Aufsichtsbeh\u00f6rde, insbesondere in dem Mitgliedstaat ihres Aufenthaltsorts, ihres Arbeitsplatzes oder des Orts des mutma\u00dflichen Versto\u00dfes, einzulegen, wenn Sie der Ansicht sind, dass die Verarbeitung der sie betreffenden personenbezogenen Daten gegen geltendes Recht verst\u00f6\u00dft.<\/li>\n<\/ul>\n<h3>VI. Pflicht zur Bereitstellung von Daten<\/h3>\n<p>Sie haben keine vertragliche, oder gesetzliche Pflicht uns personenbezogene Daten bereitzustellen. Allerdings sind wir ohne die von Ihnen mitgeteilten Daten nicht in der Lage, Ihnen unsere Services anzubieten.<\/p>\n<h3>VII. Bestehen von automatisierten Entscheidungsfindungen (einschlie\u00dflich Profiling)<\/h3>\n<p>Wir verwenden keine automatisierten Entscheidungsfindungen die Ihnen gegen\u00fcber rechtliche Wirkungen entfaltet oder Sie beeintr\u00e4chtigt.<\/p>\n<h3>VIII. Internetspezifische Datenverarbeitungen<\/h3>\n<p>Diese Website benutzt die Google Maps API, einen Kartendienst der Google LLC, 1600 Amphitheatre Parkway, Mountain View, CA 94043, USA zur Darstellung einer interaktiven Karte. Durch die Nutzung von Google Maps \u00fcbertragen Sie Informationen (einschlie\u00dflich Ihrer IP-Adresse) direkt an einen Server von Google. Wenn Sie in Ihrem Google Konto eingeloggt sind, verwendet Google zudem Cookies, um Ihnen personalisierte Funktionen zur Verf\u00fcgung stellen zu k\u00f6nnen. Wir haben auf diese Datenverarbeitungen keinen Einfluss. Wenn Sie nicht w\u00fcnschen, dass Google entsprechende Cookies setzt, loggen Sie sich vor der Nutzung bitte aus Ihrem Google Konto aus.<\/p>\n<p>N\u00e4here Informationen \u00fcber die Datenverarbeitung durch Google k\u00f6nnen Sie den Datenschutzhinweisen von Google entnehmen, die Sie unter <a href=\"https:\/\/www.google.com\/privacypolicy.html\" target=\"_blank\" rel=\"noopener noreferrer\">www.google.com\/privacypolicy.html<\/a> abrufen k\u00f6nnen.<\/p>\n<p>Die Rechtsgrundlage f\u00fcr die Nutzung dieses Dienstes findet sich in Art. 6 Abs. 1 lit. f) DSGVO. Das berechtigte Interesse besteht im Komfortgewinn, den wir unseren Nutzern bieten. Wir speichern in diesem Zusammenhang keine personenbezogenen Daten.<\/p>\n<h3>IX. Google ReCaptcha<\/h3>\n<p>Zum Schutz bei der \u00dcbermittlung von Formularen (z.B. Online-Beitrittserkl\u00e4rung, Kontaktformular, Registrierung f\u00fcr den internen Mitgliederbereich) verwenden wir in ausgew\u00e4hlten F\u00e4llen den Dienst reCAPTCHA des Unternehmens Google Inc. (1600 Amphitheatre Parkway, Mountain View, CA 94043, USA). Der Dienst schlie\u00dft den Versand Ihrer IP-Adresse und ggf. weiterer von Google f\u00fcr den Dienst reCAPTCHA ben\u00f6tigter Daten an Google ein. F\u00fcr diese Daten gelten die abweichenden Datenschutzbestimmungen des Unternehmens Google. Weitere ausf\u00fchrliche Details finden Sie im Datenschutz-Center von Google: <a href=\"http:\/\/www.google.de\/intl\/de\/privacy\" target=\"_blank\" rel=\"noopener\">http:\/\/www.google.de\/intl\/de\/privacy<\/a><\/p>\n<h3>X. Wenn Sie Anmerkungen oder Fragen haben<\/h3>\n<p>Wir treffen alle erdenklichen Vorkehrungen zum Schutz und zur Sicherheit Ihrer Daten. Ihre Fragen und Kommentare zum Datenschutz sind uns willkommen, schreiben Sie einfach eine Mail an <a href=\"mailto:info@allterra-dno.de\">info@allterra-dno.de<\/a>.<\/p>\n<p>Wunstorf, Mai 2018<\/p>\n<\/div><\/section><\/div>\n","protected":false},"excerpt":{"rendered":"","protected":false},"author":3,"featured_media":0,"parent":18,"menu_order":0,"comment_status":"open","ping_status":"closed","template":"","meta":{"footnotes":""},"class_list":["post-1198","page","type-page","status-publish","hentry"],"_links":{"self":[{"href":"https:\/\/geospatial-akademie.visual-image.de\/index.php\/wp-json\/wp\/v2\/pages\/1198","targetHints":{"allow":["GET"]}}],"collection":[{"href":"https:\/\/geospatial-akademie.visual-image.de\/index.php\/wp-json\/wp\/v2\/pages"}],"about":[{"href":"https:\/\/geospatial-akademie.visual-image.de\/index.php\/wp-json\/wp\/v2\/types\/page"}],"author":[{"embeddable":true,"href":"https:\/\/geospatial-akademie.visual-image.de\/index.php\/wp-json\/wp\/v2\/users\/3"}],"replies":[{"embeddable":true,"href":"https:\/\/geospatial-akademie.visual-image.de\/index.php\/wp-json\/wp\/v2\/comments?post=1198"}],"version-history":[{"count":9,"href":"https:\/\/geospatial-akademie.visual-image.de\/index.php\/wp-json\/wp\/v2\/pages\/1198\/revisions"}],"predecessor-version":[{"id":1304,"href":"https:\/\/geospatial-akademie.visual-image.de\/index.php\/wp-json\/wp\/v2\/pages\/1198\/revisions\/1304"}],"up":[{"embeddable":true,"href":"https:\/\/geospatial-akademie.visual-image.de\/index.php\/wp-json\/wp\/v2\/pages\/18"}],"wp:attachment":[{"href":"https:\/\/geospatial-akademie.visual-image.de\/index.php\/wp-json\/wp\/v2\/media?parent=1198"}],"curies":[{"name":"wp","href":"https:\/\/api.w.org\/{rel}","templated":true}]}}